{"id":909,"date":"2024-05-06T17:35:19","date_gmt":"2024-05-06T17:35:19","guid":{"rendered":"http:\/\/172.16.2.114\/?page_id=909"},"modified":"2024-12-16T19:26:21","modified_gmt":"2024-12-16T19:26:21","slug":"ediciones-anteriores","status":"publish","type":"page","link":"https:\/\/diasporahidrica.imta.mx\/index.php\/ediciones-anteriores\/","title":{"rendered":"Ediciones anteriores"},"content":{"rendered":"\n<div class=\"wp-block-group alignfull has-global-padding is-layout-constrained wp-block-group-is-layout-constrained\" style=\"margin-top:0;margin-bottom:0;padding-top:0;padding-right:var(--wp--preset--spacing--50);padding-bottom:0;padding-left:var(--wp--preset--spacing--50)\">\n<div class=\"wp-block-columns alignwide is-layout-flex wp-container-core-columns-is-layout-10 wp-block-columns-is-layout-flex\">\n<div class=\"wp-block-column is-layout-flow wp-container-core-column-is-layout-27 wp-block-column-is-layout-flow\">\n<h3 class=\"wp-block-heading has-text-align-left is-style-default has-body-font-family has-large-font-size\" style=\"font-style:normal;font-weight:600\"><a href=\"http:\/\/172.16.2.72\/index.php\/primer-seminario-virtual-diaspora-hidrica\/\"><\/a><strong>V Edici\u00f3n del Seminario Di\u00e1spora H\u00eddrica<\/strong><\/h3>\n\n\n\n<p>Modalidad presencial<\/p>\n\n\n\n<div class=\"wp-block-group alignfull has-global-padding is-layout-constrained wp-block-group-is-layout-constrained\" style=\"margin-top:0;margin-bottom:0;padding-top:0;padding-right:0;padding-bottom:0;padding-left:0\">\n<div class=\"wp-block-group is-vertical is-content-justification-center is-layout-flex wp-container-core-group-is-layout-1 wp-block-group-is-layout-flex\">\n<h2 class=\"wp-block-heading has-text-align-center has-xx-large-font-size\">2024<\/h2>\n\n\n\n<p>11 \u2013 13 de septiembre 2024 &#8211; Unidad de Seminarios, Ciudad Universitaria de la BUAP<\/p>\n<\/div>\n\n\n\n<div style=\"height:var(--wp--preset--spacing--30)\" aria-hidden=\"true\" class=\"wp-block-spacer\"><\/div>\n\n\n\n<div class=\"wp-block-columns alignwide is-layout-flex wp-container-core-columns-is-layout-1 wp-block-columns-is-layout-flex\" style=\"padding-right:0;padding-left:0\">\n<div class=\"wp-block-column is-layout-flow wp-block-column-is-layout-flow\">\n<div class=\"wp-block-group is-vertical is-content-justification-center is-nowrap is-layout-flex wp-container-core-group-is-layout-2 wp-block-group-is-layout-flex\">\n<p><strong>Alejandro<\/strong><\/p>\n\n\n\n<p><strong>Ordo\u00f1ez S\u00e1nchez<\/strong><\/p>\n<\/div>\n\n\n\n<figure class=\"wp-block-embed is-type-video is-provider-youtube wp-block-embed-youtube wp-embed-aspect-16-9 wp-has-aspect-ratio\"><div class=\"wp-block-embed__wrapper\">\n<iframe loading=\"lazy\" title=\"Evaluaci\u00f3n de Modelos Clim\u00e1ticos Globales en M\u00e9xico | Alejandro Ordo\u00f1ez S\u00e1nchez\" width=\"500\" height=\"281\" src=\"https:\/\/www.youtube.com\/embed\/xH63pPMBXDM?list=PLM-MleE1QlFKRnejukMGw64uUSDdH5VB6\" frameborder=\"0\" allow=\"accelerometer; autoplay; clipboard-write; encrypted-media; gyroscope; picture-in-picture; web-share\" referrerpolicy=\"strict-origin-when-cross-origin\" allowfullscreen><\/iframe>\n<\/div><figcaption class=\"wp-element-caption\">An\u00e1lisis sobre el desempe\u00f1o de los modelos clim\u00e1ticos globales (GCMs) del CMIP5 y CMIP6 en el contexto de M\u00e9xico.<br><\/figcaption><\/figure>\n<\/div>\n\n\n\n<div class=\"wp-block-column is-layout-flow wp-block-column-is-layout-flow\">\n<div class=\"wp-block-group is-vertical is-content-justification-center is-nowrap is-layout-flex wp-container-core-group-is-layout-3 wp-block-group-is-layout-flex\">\n<p><strong>Edgardo Iv\u00e1n<\/strong><\/p>\n\n\n\n<p><strong>Valenzuela Reyes<\/strong><\/p>\n<\/div>\n\n\n\n<figure class=\"wp-block-embed is-type-video is-provider-youtube wp-block-embed-youtube wp-embed-aspect-16-9 wp-has-aspect-ratio\"><div class=\"wp-block-embed__wrapper\">\n<iframe loading=\"lazy\" title=\"Recuperaci\u00f3n del calcio del agua residual de la nixtamalizaci\u00f3n| Edgardo Iv\u00e1n Valenzuela Reyes\" width=\"500\" height=\"281\" src=\"https:\/\/www.youtube.com\/embed\/w35f4NntpN0?list=PLM-MleE1QlFKRnejukMGw64uUSDdH5VB6\" frameborder=\"0\" allow=\"accelerometer; autoplay; clipboard-write; encrypted-media; gyroscope; picture-in-picture; web-share\" referrerpolicy=\"strict-origin-when-cross-origin\" allowfullscreen><\/iframe>\n<\/div><figcaption class=\"wp-element-caption\">Recuperaci\u00f3n del calcio del agua residual de la nixtamalizaci\u00f3n como hidroxiapatita para aplicaciones biom\u00e9dicas.<br><\/figcaption><\/figure>\n<\/div>\n\n\n\n<div class=\"wp-block-column is-layout-flow wp-block-column-is-layout-flow\">\n<div class=\"wp-block-group is-vertical is-content-justification-center is-nowrap is-layout-flex wp-container-core-group-is-layout-4 wp-block-group-is-layout-flex\">\n<p><strong>Ileana Paloma<\/strong><\/p>\n\n\n\n<p><strong>Cisneros Contreras<\/strong><\/p>\n<\/div>\n\n\n\n<figure class=\"wp-block-embed is-type-video is-provider-youtube wp-block-embed-youtube wp-embed-aspect-16-9 wp-has-aspect-ratio\"><div class=\"wp-block-embed__wrapper\">\n<iframe loading=\"lazy\" title=\"An\u00e1lisis de cuadrantes vertedor escalonado | Ileana Paloma Cisneros Contreras\" width=\"500\" height=\"281\" src=\"https:\/\/www.youtube.com\/embed\/6xspvnIJtc4?list=PLM-MleE1QlFKRnejukMGw64uUSDdH5VB6\" frameborder=\"0\" allow=\"accelerometer; autoplay; clipboard-write; encrypted-media; gyroscope; picture-in-picture; web-share\" referrerpolicy=\"strict-origin-when-cross-origin\" allowfullscreen><\/iframe>\n<\/div><figcaption class=\"wp-element-caption\">An\u00e1lisis de cuadrantes en la zona no aireada de un vertedor escalonado<br><\/figcaption><\/figure>\n<\/div>\n\n\n\n<div class=\"wp-block-column is-layout-flow wp-block-column-is-layout-flow\">\n<div class=\"wp-block-group is-vertical is-content-justification-center is-nowrap is-layout-flex wp-container-core-group-is-layout-5 wp-block-group-is-layout-flex\">\n<p><strong>Pablo C\u00e9sar<\/strong><\/p>\n\n\n\n<p><strong>Morales Rico<\/strong><\/p>\n<\/div>\n\n\n\n<figure class=\"wp-block-embed is-type-video is-provider-youtube wp-block-embed-youtube wp-embed-aspect-16-9 wp-has-aspect-ratio\"><div class=\"wp-block-embed__wrapper\">\n<iframe loading=\"lazy\" title=\"Evaluaci\u00f3n de factores de emisi\u00f3n de metano en planta de tratamiento| Pablo C\u00e9sar Morales Rico\" width=\"500\" height=\"281\" src=\"https:\/\/www.youtube.com\/embed\/vP03cc4a1RA?list=PLM-MleE1QlFKRnejukMGw64uUSDdH5VB6\" frameborder=\"0\" allow=\"accelerometer; autoplay; clipboard-write; encrypted-media; gyroscope; picture-in-picture; web-share\" referrerpolicy=\"strict-origin-when-cross-origin\" allowfullscreen><\/iframe>\n<\/div><figcaption class=\"wp-element-caption\">Evaluaci\u00f3n de factores de emisi\u00f3n de metano en plantas de tratamiento de aguas residuales en la ciudad de M\u00e9xico.<br><\/figcaption><\/figure>\n<\/div>\n<\/div>\n<\/div>\n\n\n\n<div class=\"wp-block-group alignfull has-global-padding is-layout-constrained wp-block-group-is-layout-constrained\" style=\"margin-top:0;margin-bottom:0;padding-top:0;padding-right:0;padding-bottom:0;padding-left:0\">\n<div class=\"wp-block-columns alignwide is-layout-flex wp-container-core-columns-is-layout-2 wp-block-columns-is-layout-flex\" style=\"padding-right:0;padding-left:0\">\n<div class=\"wp-block-column is-layout-flow wp-block-column-is-layout-flow\">\n<div class=\"wp-block-group is-vertical is-content-justification-center is-nowrap is-layout-flex wp-container-core-group-is-layout-7 wp-block-group-is-layout-flex\">\n<p><strong>Valeria Fernanda <\/strong><\/p>\n\n\n\n<p><strong><strong><strong><strong>Mondrag\u00f3n<\/strong><\/strong><\/strong><\/strong> <strong><strong>Mu\u00f1oz<\/strong><\/strong><\/p>\n<\/div>\n\n\n\n<figure class=\"wp-block-embed is-type-video is-provider-youtube wp-block-embed-youtube wp-embed-aspect-16-9 wp-has-aspect-ratio\"><div class=\"wp-block-embed__wrapper\">\n<iframe loading=\"lazy\" title=\"Amenazas h\u00eddricas y clim\u00e1ticas: evaluaci\u00f3n de vulnerabilidad| Valeria Fernanda Mondrag\u00f3n Mu\u00f1oz\" width=\"500\" height=\"281\" src=\"https:\/\/www.youtube.com\/embed\/spoNMDxqits?list=PLM-MleE1QlFKRnejukMGw64uUSDdH5VB6\" frameborder=\"0\" allow=\"accelerometer; autoplay; clipboard-write; encrypted-media; gyroscope; picture-in-picture; web-share\" referrerpolicy=\"strict-origin-when-cross-origin\" allowfullscreen><\/iframe>\n<\/div><figcaption class=\"wp-element-caption\">Amenazas h\u00eddricas y clim\u00e1ticas: evaluaci\u00f3n de vulnerabilidad en Quintana Roo, M\u00e9xico.<\/figcaption><\/figure>\n\n\n\n<p class=\"has-text-align-center\"><strong><strong><strong><strong>Marcela Mondrag\u00f3n<\/strong><\/strong><\/strong><\/strong> <strong><strong>Mu\u00f1oz<\/strong><\/strong><\/p>\n\n\n\n<figure class=\"wp-block-embed is-type-video is-provider-youtube wp-block-embed-youtube wp-embed-aspect-16-9 wp-has-aspect-ratio\"><div class=\"wp-block-embed__wrapper\">\n<iframe loading=\"lazy\" title=\"Modelo colectivo para el manejo del territorio | Marcela Santana Guzm\u00e1n\" width=\"500\" height=\"281\" src=\"https:\/\/www.youtube.com\/embed\/vmEYzfNZrT8?feature=oembed\" frameborder=\"0\" allow=\"accelerometer; autoplay; clipboard-write; encrypted-media; gyroscope; picture-in-picture; web-share\" referrerpolicy=\"strict-origin-when-cross-origin\" allowfullscreen><\/iframe>\n<\/div><figcaption class=\"wp-element-caption\">Volc\u00e1n de fuego, monta\u00f1a de agua: un modelo colectivo para el manejo del territorio<\/figcaption><\/figure>\n\n\n\n<p class=\"has-text-align-center\"><strong>Esteban Aceves Fonseca<\/strong><\/p>\n\n\n\n<figure class=\"wp-block-embed is-type-video is-provider-youtube wp-block-embed-youtube wp-embed-aspect-16-9 wp-has-aspect-ratio\"><div class=\"wp-block-embed__wrapper\">\n<iframe loading=\"lazy\" title=\"An\u00e1lisis de la GIRH a nivel municipal en la cuenca del r\u00edo Magdalena | Esteban Aceves Fonseca\" width=\"500\" height=\"281\" src=\"https:\/\/www.youtube.com\/embed\/YQ1ldz7ey1A?feature=oembed\" frameborder=\"0\" allow=\"accelerometer; autoplay; clipboard-write; encrypted-media; gyroscope; picture-in-picture; web-share\" referrerpolicy=\"strict-origin-when-cross-origin\" allowfullscreen><\/iframe>\n<\/div><figcaption class=\"wp-element-caption\">An\u00e1lisis de la GIRH a nivel municipal en la cuenca del r\u00edo Magdalena, CDMX.<\/figcaption><\/figure>\n\n\n\n<p class=\"has-text-align-center\"><strong>Jos\u00e9 Ra\u00fal Ventura Quiroz<\/strong><\/p>\n\n\n\n<figure class=\"wp-block-embed is-type-video is-provider-youtube wp-block-embed-youtube wp-embed-aspect-16-9 wp-has-aspect-ratio\"><div class=\"wp-block-embed__wrapper\">\n<iframe loading=\"lazy\" title=\"Impacto de infraestructura verde y cuerpos de agua urbanos ante eventos extremos | Jos\u00e9 Ra\u00fal Ventura\" width=\"500\" height=\"281\" src=\"https:\/\/www.youtube.com\/embed\/G8ll8t8v0tc?list=PLM-MleE1QlFKRnejukMGw64uUSDdH5VB6\" frameborder=\"0\" allow=\"accelerometer; autoplay; clipboard-write; encrypted-media; gyroscope; picture-in-picture; web-share\" referrerpolicy=\"strict-origin-when-cross-origin\" allowfullscreen><\/iframe>\n<\/div><figcaption class=\"wp-element-caption\">An\u00e1lisis de los efectos reguladores de las infraestructuras sustentables (verde) y de los cuerpos de agua urbanos ante eventos hidrometeorol\u00f3gicos extremos.<\/figcaption><\/figure>\n\n\n\n<p class=\"has-text-align-center\"><strong>Jazmin Alaide L\u00f3pez D\u00edaz<\/strong><\/p>\n\n\n\n<figure class=\"wp-block-embed is-type-video is-provider-youtube wp-block-embed-youtube wp-embed-aspect-16-9 wp-has-aspect-ratio\"><div class=\"wp-block-embed__wrapper\">\n<iframe loading=\"lazy\" title=\"Tratamiento de drenaje \u00e1cido de mina con huevos y bioelectroqu\u00edmica | Jazmin Alaide L\u00f3pez D\u00edaz\" width=\"500\" height=\"281\" src=\"https:\/\/www.youtube.com\/embed\/uGM8GWq-ve8?list=PLM-MleE1QlFKRnejukMGw64uUSDdH5VB6\" frameborder=\"0\" allow=\"accelerometer; autoplay; clipboard-write; encrypted-media; gyroscope; picture-in-picture; web-share\" referrerpolicy=\"strict-origin-when-cross-origin\" allowfullscreen><\/iframe>\n<\/div><figcaption class=\"wp-element-caption\">Tratamiento de drenaje \u00e1cido de mina con huevos\u2026 de gallina y sistemas bioelectroqu\u00edmicos.<\/figcaption><\/figure>\n\n\n\n<p class=\"has-text-align-center\"><strong>Heidy Castellano Bahena<\/strong><\/p>\n\n\n\n<figure class=\"wp-block-embed is-type-video is-provider-youtube wp-block-embed-youtube wp-embed-aspect-16-9 wp-has-aspect-ratio\"><div class=\"wp-block-embed__wrapper\">\n<iframe loading=\"lazy\" title=\"Machine Learning en la evaluaci\u00f3n del riesgo de sequ\u00eda: estado del arte | Heidy Viviana Castellano\" width=\"500\" height=\"281\" src=\"https:\/\/www.youtube.com\/embed\/sPmdq3mzAXA?list=PLM-MleE1QlFKRnejukMGw64uUSDdH5VB6\" frameborder=\"0\" allow=\"accelerometer; autoplay; clipboard-write; encrypted-media; gyroscope; picture-in-picture; web-share\" referrerpolicy=\"strict-origin-when-cross-origin\" allowfullscreen><\/iframe>\n<\/div><figcaption class=\"wp-element-caption\">Aplicaci\u00f3n de Machine Learning en la evaluaci\u00f3n del riesgo por sequ\u00eda y sus componentes: estado del arte.<\/figcaption><\/figure>\n\n\n\n<p class=\"has-text-align-center\"><strong>Ingrid Ximena Rodr\u00edguez<\/strong> <strong>Negrete<\/strong><\/p>\n\n\n\n<figure class=\"wp-block-embed is-type-video is-provider-youtube wp-block-embed-youtube wp-embed-aspect-16-9 wp-has-aspect-ratio\"><div class=\"wp-block-embed__wrapper\">\n<iframe loading=\"lazy\" title=\"Prototipo de humedal artificial para tratar agua residual en Tizayuca, Hidalgo | Ingrid Ximena R.\" width=\"500\" height=\"281\" src=\"https:\/\/www.youtube.com\/embed\/1qNP-yqI-88?list=PLM-MleE1QlFKRnejukMGw64uUSDdH5VB6\" frameborder=\"0\" allow=\"accelerometer; autoplay; clipboard-write; encrypted-media; gyroscope; picture-in-picture; web-share\" referrerpolicy=\"strict-origin-when-cross-origin\" allowfullscreen><\/iframe>\n<\/div><figcaption class=\"wp-element-caption\">Dise\u00f1o de un prototipo de un humedal artificial para el tratamiento de un agua residual en el municipio de Tizayuca, Hidalgo.<\/figcaption><\/figure>\n\n\n\n<p class=\"has-text-align-center\"><strong>&nbsp;Rair Solis J\u00e1come<\/strong><\/p>\n\n\n\n<figure class=\"wp-block-embed is-type-video is-provider-youtube wp-block-embed-youtube wp-embed-aspect-16-9 wp-has-aspect-ratio\"><div class=\"wp-block-embed__wrapper\">\n<iframe loading=\"lazy\" title=\"Distritos de Medici\u00f3n Centro-Periferia en Redes de Agua Potable | Rair Solis J\u00e1come\" width=\"500\" height=\"281\" src=\"https:\/\/www.youtube.com\/embed\/scyDVxKYHrI?list=PLM-MleE1QlFKRnejukMGw64uUSDdH5VB6\" frameborder=\"0\" allow=\"accelerometer; autoplay; clipboard-write; encrypted-media; gyroscope; picture-in-picture; web-share\" referrerpolicy=\"strict-origin-when-cross-origin\" allowfullscreen><\/iframe>\n<\/div><figcaption class=\"wp-element-caption\">Dise\u00f1o de distritos de medici\u00f3n con estructura centro periferia en redes de agua potable.<\/figcaption><\/figure>\n\n\n\n<p class=\"has-text-align-center\"><strong>Laura Priscila Tercero Cruz<\/strong><\/p>\n\n\n\n<figure class=\"wp-block-embed is-type-video is-provider-youtube wp-block-embed-youtube wp-embed-aspect-16-9 wp-has-aspect-ratio\"><div class=\"wp-block-embed__wrapper\">\n<iframe loading=\"lazy\" title=\"Cruces entre el Derecho al Agua y los Territorios H.: An\u00e1lisis de Sistemas Comunitarios | Laura T.\" width=\"500\" height=\"281\" src=\"https:\/\/www.youtube.com\/embed\/XzsGM7BErPM?feature=oembed\" frameborder=\"0\" allow=\"accelerometer; autoplay; clipboard-write; encrypted-media; gyroscope; picture-in-picture; web-share\" referrerpolicy=\"strict-origin-when-cross-origin\" allowfullscreen><\/iframe>\n<\/div><figcaption class=\"wp-element-caption\">Cruces conceptuales entre el Derecho Humano al Agua y Saneamiento (DHAS) y los territorios hidrosociales. Un an\u00e1lisis desde los Sistemas Comunitarios de Agua.<\/figcaption><\/figure>\n\n\n\n<p class=\"has-text-align-center\"><strong><a href=\"https:\/\/www.youtube.com\/watch?v=U4xAm2AMP1I\">Diana Laura Ya\u00f1ez Reyes<\/a><\/strong><\/p>\n\n\n\n<figure class=\"wp-block-embed is-type-video is-provider-youtube wp-block-embed-youtube wp-embed-aspect-4-3 wp-has-aspect-ratio\"><div class=\"wp-block-embed__wrapper\">\n<iframe loading=\"lazy\" title=\"Memorias socioh\u00eddricas como herramientas de gesti\u00f3n del territorio en el r\u00edo Amatzinac | Diana Ya\u00f1ez\" width=\"500\" height=\"281\" src=\"https:\/\/www.youtube.com\/embed\/U4xAm2AMP1I?feature=oembed\" frameborder=\"0\" allow=\"accelerometer; autoplay; clipboard-write; encrypted-media; gyroscope; picture-in-picture; web-share\" referrerpolicy=\"strict-origin-when-cross-origin\" allowfullscreen><\/iframe>\n<\/div><figcaption class=\"wp-element-caption\">Las memorias socioh\u00eddricas como herramientas de gesti\u00f3n del territorio y del agua del r\u00edo Amatzinac.<\/figcaption><\/figure>\n<\/div>\n\n\n\n<div class=\"wp-block-column is-layout-flow wp-block-column-is-layout-flow\">\n<div class=\"wp-block-group is-vertical is-content-justification-center is-nowrap is-layout-flex wp-container-core-group-is-layout-8 wp-block-group-is-layout-flex\">\n<p><strong>Alma Ivonne<\/strong><\/p>\n\n\n\n<p><strong>Baez Horihuela<\/strong><\/p>\n<\/div>\n\n\n\n<figure class=\"wp-block-embed is-type-video is-provider-youtube wp-block-embed-youtube wp-embed-aspect-16-9 wp-has-aspect-ratio\"><div class=\"wp-block-embed__wrapper\">\n<iframe loading=\"lazy\" title=\"Conectando vidas para un futuro sostenible | Alma Ivonne Baez Horihuela\" width=\"500\" height=\"281\" src=\"https:\/\/www.youtube.com\/embed\/Iadg8IUsjL8?list=PLM-MleE1QlFKRnejukMGw64uUSDdH5VB6\" frameborder=\"0\" allow=\"accelerometer; autoplay; clipboard-write; encrypted-media; gyroscope; picture-in-picture; web-share\" referrerpolicy=\"strict-origin-when-cross-origin\" allowfullscreen><\/iframe>\n<\/div><figcaption class=\"wp-element-caption\">Conectando vidas para un futuro sostenible: agua y agricultura en un \u00e1rea natural protegida.<\/figcaption><\/figure>\n\n\n\n<p class=\"has-text-align-center\"><strong><strong><strong><strong>Alberto Esquivel Sotelo<\/strong><\/strong><\/strong><\/strong><\/p>\n\n\n\n<figure class=\"wp-block-embed is-type-video is-provider-youtube wp-block-embed-youtube wp-embed-aspect-16-9 wp-has-aspect-ratio\"><div class=\"wp-block-embed__wrapper\">\n<iframe loading=\"lazy\" title=\"Modelo colectivo para el manejo del territorio | Marcela Santana Guzm\u00e1n\" width=\"500\" height=\"281\" src=\"https:\/\/www.youtube.com\/embed\/vmEYzfNZrT8?feature=oembed\" frameborder=\"0\" allow=\"accelerometer; autoplay; clipboard-write; encrypted-media; gyroscope; picture-in-picture; web-share\" referrerpolicy=\"strict-origin-when-cross-origin\" allowfullscreen><\/iframe>\n<\/div><figcaption class=\"wp-element-caption\">Producci\u00f3n de energ\u00eda el\u00e9ctrica en celdas de combustible microbiana utilizando como sustrato lodos residuales.<\/figcaption><\/figure>\n\n\n\n<p class=\"has-text-align-center\"><strong><strong><strong><strong>Guillermo D\u00edaz Mart\u00ednez<\/strong><\/strong><\/strong><\/strong><\/p>\n\n\n\n<figure class=\"wp-block-embed is-type-video is-provider-youtube wp-block-embed-youtube wp-embed-aspect-16-9 wp-has-aspect-ratio\"><div class=\"wp-block-embed__wrapper\">\n<iframe loading=\"lazy\" title=\"Potabilizaci\u00f3n de agua con residuos de frutas como alternativa natural | Guillermo D\u00edaz Mart\u00ednez\" width=\"500\" height=\"281\" src=\"https:\/\/www.youtube.com\/embed\/u7nTu6oeVVk?list=PLM-MleE1QlFKRnejukMGw64uUSDdH5VB6\" frameborder=\"0\" allow=\"accelerometer; autoplay; clipboard-write; encrypted-media; gyroscope; picture-in-picture; web-share\" referrerpolicy=\"strict-origin-when-cross-origin\" allowfullscreen><\/iframe>\n<\/div><figcaption class=\"wp-element-caption\">Potabilizaci\u00f3n de agua superficial con residuos de frutas como alternativa natural a los qu\u00edmicos.<\/figcaption><\/figure>\n\n\n\n<p class=\"has-text-align-center\"><strong><strong><strong><strong>Ana Claudia Siles Zarate<\/strong><\/strong><\/strong><\/strong><\/p>\n\n\n\n<figure class=\"wp-block-embed is-type-video is-provider-youtube wp-block-embed-youtube wp-embed-aspect-16-9 wp-has-aspect-ratio\"><div class=\"wp-block-embed__wrapper\">\n<iframe loading=\"lazy\" title=\"Recarga de aguas subterr\u00e1neas en Yucat\u00e1n con datos satelitales | Ana Claudia Siles Zarate\" width=\"500\" height=\"281\" src=\"https:\/\/www.youtube.com\/embed\/gkecs_7Xdfc?list=PLM-MleE1QlFKRnejukMGw64uUSDdH5VB6\" frameborder=\"0\" allow=\"accelerometer; autoplay; clipboard-write; encrypted-media; gyroscope; picture-in-picture; web-share\" referrerpolicy=\"strict-origin-when-cross-origin\" allowfullscreen><\/iframe>\n<\/div><figcaption class=\"wp-element-caption\">Estimaci\u00f3n de la recarga de aguas subterr\u00e1neas en la pen\u00ednsula de Yucat\u00e1n, a partir de productos satelitales y fuentes de datos globales.<\/figcaption><\/figure>\n\n\n\n<p class=\"has-text-align-center\"><strong>X\u00f3chitl Pe\u00f1aloza Rueda<\/strong><\/p>\n\n\n\n<figure class=\"wp-block-embed is-type-video is-provider-youtube wp-block-embed-youtube wp-embed-aspect-16-9 wp-has-aspect-ratio\"><div class=\"wp-block-embed__wrapper\">\n<iframe loading=\"lazy\" title=\"An\u00e1lisis hidrol\u00f3gico e hidrodin\u00e1mico del r\u00edo Tula mediante ensambles | X\u00f3chitl Pe\u00f1aloza Rueda\" width=\"500\" height=\"281\" src=\"https:\/\/www.youtube.com\/embed\/iXcBsVaD24g?list=PLM-MleE1QlFKRnejukMGw64uUSDdH5VB6\" frameborder=\"0\" allow=\"accelerometer; autoplay; clipboard-write; encrypted-media; gyroscope; picture-in-picture; web-share\" referrerpolicy=\"strict-origin-when-cross-origin\" allowfullscreen><\/iframe>\n<\/div><figcaption class=\"wp-element-caption\">An\u00e1lisis hidrol\u00f3gico e hidrodin\u00e1mico del r\u00edo Tula basado en una metodolog\u00eda por ensambles.<\/figcaption><\/figure>\n\n\n\n<p class=\"has-text-align-center\"><strong>Jos\u00e9 Avid\u00e1n Bravo J\u00e1come<\/strong><\/p>\n\n\n\n<figure class=\"wp-block-embed is-type-video is-provider-youtube wp-block-embed-youtube wp-embed-aspect-16-9 wp-has-aspect-ratio\"><div class=\"wp-block-embed__wrapper\">\n<iframe loading=\"lazy\" title=\"Densidad y especies arb\u00f3reas para aumentar el escurrimiento en la curva de recesi\u00f3n | Jos\u00e9 Avid\u00e1n B.\" width=\"500\" height=\"281\" src=\"https:\/\/www.youtube.com\/embed\/iBUh_p8MP08?list=PLM-MleE1QlFKRnejukMGw64uUSDdH5VB6\" frameborder=\"0\" allow=\"accelerometer; autoplay; clipboard-write; encrypted-media; gyroscope; picture-in-picture; web-share\" referrerpolicy=\"strict-origin-when-cross-origin\" allowfullscreen><\/iframe>\n<\/div><figcaption class=\"wp-element-caption\">Densidad y especie arb\u00f3rea de bosque para incrementar el volumen de escurrimiento bajo la curva de recesi\u00f3n.<\/figcaption><\/figure>\n\n\n\n<p class=\"has-text-align-center\"><strong>Daniela Ramos Contreras<\/strong><\/p>\n\n\n\n<figure class=\"wp-block-embed is-type-video is-provider-youtube wp-block-embed-youtube wp-embed-aspect-16-9 wp-has-aspect-ratio\"><div class=\"wp-block-embed__wrapper\">\n<iframe loading=\"lazy\" title=\"Conservaci\u00f3n integral del charal de La Preciosa en Puebla, M\u00e9xico | Daniela Ramos Contreras\" width=\"500\" height=\"281\" src=\"https:\/\/www.youtube.com\/embed\/Vp9qN1yfgJE?list=PLM-MleE1QlFKRnejukMGw64uUSDdH5VB6\" frameborder=\"0\" allow=\"accelerometer; autoplay; clipboard-write; encrypted-media; gyroscope; picture-in-picture; web-share\" referrerpolicy=\"strict-origin-when-cross-origin\" allowfullscreen><\/iframe>\n<\/div><figcaption class=\"wp-element-caption\">Propuesta integral para la conservaci\u00f3n del charal de la preciosa, (Poblana letholepis, \u00c1lvarez 1950), Puebla, M\u00e9xico.<\/figcaption><\/figure>\n\n\n\n<p class=\"has-text-align-center\"><strong>Laila Patricia Estefan Fuentes<\/strong><\/p>\n\n\n\n<figure class=\"wp-block-embed is-type-video is-provider-youtube wp-block-embed-youtube wp-embed-aspect-16-9 wp-has-aspect-ratio\"><div class=\"wp-block-embed__wrapper\">\n<iframe loading=\"lazy\" title=\"Nuevos Modelos Urbanoregionales desde la Gesti\u00f3n del Agua: Caso Ciudad de M\u00e9xico | Laila Fuentes\" width=\"500\" height=\"281\" src=\"https:\/\/www.youtube.com\/embed\/4SrH8E0forA?list=PLM-MleE1QlFKRnejukMGw64uUSDdH5VB6\" frameborder=\"0\" allow=\"accelerometer; autoplay; clipboard-write; encrypted-media; gyroscope; picture-in-picture; web-share\" referrerpolicy=\"strict-origin-when-cross-origin\" allowfullscreen><\/iframe>\n<\/div><figcaption class=\"wp-element-caption\">Hacia nuevos modelos urbano regionales desde la gesti\u00f3n del agua: el caso de la Ciudad de M\u00e9xico.<\/figcaption><\/figure>\n\n\n\n<p class=\"has-text-align-center\"><strong>Jes\u00fas Loredo Rasgado<\/strong><\/p>\n\n\n\n<figure class=\"wp-block-embed is-type-video is-provider-youtube wp-block-embed-youtube wp-embed-aspect-16-9 wp-has-aspect-ratio\"><div class=\"wp-block-embed__wrapper\">\n<iframe loading=\"lazy\" title=\"La huella de agua y su importancia en la pol\u00edtica h\u00eddrica de M\u00e9xico. | Jes\u00fas Loredo Rasgado\" width=\"500\" height=\"281\" src=\"https:\/\/www.youtube.com\/embed\/Zm3VOQ314hI?feature=oembed\" frameborder=\"0\" allow=\"accelerometer; autoplay; clipboard-write; encrypted-media; gyroscope; picture-in-picture; web-share\" referrerpolicy=\"strict-origin-when-cross-origin\" allowfullscreen><\/iframe>\n<\/div><figcaption class=\"wp-element-caption\">La huella de agua y su importancia en la pol\u00edtica h\u00eddrica de M\u00e9xico.<\/figcaption><\/figure>\n<\/div>\n\n\n\n<div class=\"wp-block-column is-layout-flow wp-block-column-is-layout-flow\">\n<div class=\"wp-block-group is-vertical is-content-justification-center is-nowrap is-layout-flex wp-container-core-group-is-layout-9 wp-block-group-is-layout-flex\">\n<p><strong>Miguel Angel <\/strong><\/p>\n\n\n\n<p><strong>V\u00e1zquez Zavaleta<\/strong><\/p>\n<\/div>\n\n\n\n<figure class=\"wp-block-embed is-type-video is-provider-youtube wp-block-embed-youtube wp-embed-aspect-16-9 wp-has-aspect-ratio\"><div class=\"wp-block-embed__wrapper\">\n<iframe loading=\"lazy\" title=\"Conectando vidas para un futuro sostenible | Alma Ivonne Baez Horihuela\" width=\"500\" height=\"281\" src=\"https:\/\/www.youtube.com\/embed\/Iadg8IUsjL8?list=PLM-MleE1QlFKRnejukMGw64uUSDdH5VB6\" frameborder=\"0\" allow=\"accelerometer; autoplay; clipboard-write; encrypted-media; gyroscope; picture-in-picture; web-share\" referrerpolicy=\"strict-origin-when-cross-origin\" allowfullscreen><\/iframe>\n<\/div><figcaption class=\"wp-element-caption\">Avances en la generaci\u00f3n de un<br>modelo predictivo de tormentas basado en aprendizaje autom\u00e1tico.<\/figcaption><\/figure>\n\n\n\n<p class=\"has-text-align-center\"><strong style=\"font-weight: bold;\">Edwin Aldair R<\/strong><strong><strong><strong><strong>eza Ch\u00e1vez<\/strong><\/strong><\/strong><\/strong><\/p>\n\n\n\n<figure class=\"wp-block-embed is-type-video is-provider-youtube wp-block-embed-youtube wp-embed-aspect-16-9 wp-has-aspect-ratio\"><div class=\"wp-block-embed__wrapper\">\n<iframe loading=\"lazy\" title=\"Evaluaci\u00f3n del pretratamiento  y ultrasonicaci\u00f3n en lodos residuales | Edwin Aldair Reza Ch\u00e1vez\" width=\"500\" height=\"281\" src=\"https:\/\/www.youtube.com\/embed\/-jeHPnV29jQ?feature=oembed\" frameborder=\"0\" allow=\"accelerometer; autoplay; clipboard-write; encrypted-media; gyroscope; picture-in-picture; web-share\" referrerpolicy=\"strict-origin-when-cross-origin\" allowfullscreen><\/iframe>\n<\/div><figcaption class=\"wp-element-caption\">Producci\u00f3n de energ\u00eda el\u00e9ctrica en celdas de combustible microbiana utilizando como sustrato lodos residuales.<\/figcaption><\/figure>\n\n\n\n<p class=\"has-text-align-center\"><strong>Alexis Joseph Rodr\u00edguez <\/strong><\/p>\n\n\n\n<figure class=\"wp-block-embed is-type-video is-provider-youtube wp-block-embed-youtube wp-embed-aspect-16-9 wp-has-aspect-ratio\"><div class=\"wp-block-embed__wrapper\">\n<iframe loading=\"lazy\" title=\"Presentaci\u00f3n del LAN-EVIESAD de Evaluaci\u00f3n Ecol\u00f3gica en Sistemas Acu\u00e1ticos | Alexis Joseph Rodr\u00edguez\" width=\"500\" height=\"281\" src=\"https:\/\/www.youtube.com\/embed\/FBUK-CZeulM?list=PLM-MleE1QlFKRnejukMGw64uUSDdH5VB6\" frameborder=\"0\" allow=\"accelerometer; autoplay; clipboard-write; encrypted-media; gyroscope; picture-in-picture; web-share\" referrerpolicy=\"strict-origin-when-cross-origin\" allowfullscreen><\/iframe>\n<\/div><figcaption class=\"wp-element-caption\">Presentaci\u00f3n del Laboratorio Nacional Conahcyt de Evaluaci\u00f3n de la Integridad Ecol\u00f3gica en Sistemas Acu\u00e1ticos Dulceacu\u00edcolas (LAN \u2013EVIESAD).<\/figcaption><\/figure>\n\n\n\n<p class=\"has-text-align-center\"><strong>Martha Selene Mar\u00edn Morales<\/strong><\/p>\n\n\n\n<figure class=\"wp-block-embed is-type-video is-provider-youtube wp-block-embed-youtube wp-embed-aspect-16-9 wp-has-aspect-ratio\"><div class=\"wp-block-embed__wrapper\">\n<iframe loading=\"lazy\" title=\"Memorias socioh\u00eddricas para la gesti\u00f3n del r\u00edo Amatzinac | Martha Selene Mar\u00edn Morales\" width=\"500\" height=\"281\" src=\"https:\/\/www.youtube.com\/embed\/_SntT_Hualw?list=PLM-MleE1QlFKRnejukMGw64uUSDdH5VB6\" frameborder=\"0\" allow=\"accelerometer; autoplay; clipboard-write; encrypted-media; gyroscope; picture-in-picture; web-share\" referrerpolicy=\"strict-origin-when-cross-origin\" allowfullscreen><\/iframe>\n<\/div><figcaption class=\"wp-element-caption\">Las memorias socioh\u00eddricas como herramientas de gesti\u00f3n del territorio y del agua del r\u00edo Amatzinac.<\/figcaption><\/figure>\n\n\n\n<p class=\"has-text-align-center\"><strong>Jaqueline Silva N\u00fanez<\/strong><\/p>\n\n\n\n<figure class=\"wp-block-embed is-type-video is-provider-youtube wp-block-embed-youtube wp-embed-aspect-16-9 wp-has-aspect-ratio\"><div class=\"wp-block-embed__wrapper\">\n<iframe loading=\"lazy\" title=\"Determinaci\u00f3n de caudal ecol\u00f3gico en Cuatro Ci\u00e9negas, Coahuila | Jaqueline Silva N\u00fanez\" width=\"500\" height=\"281\" src=\"https:\/\/www.youtube.com\/embed\/qaDFnkew8pg?list=PLM-MleE1QlFKRnejukMGw64uUSDdH5VB6\" frameborder=\"0\" allow=\"accelerometer; autoplay; clipboard-write; encrypted-media; gyroscope; picture-in-picture; web-share\" referrerpolicy=\"strict-origin-when-cross-origin\" allowfullscreen><\/iframe>\n<\/div><figcaption class=\"wp-element-caption\">Determinaci\u00f3n de caudal ecol\u00f3gico en Cuatro Ci\u00e9negas, Coahuila.<\/figcaption><\/figure>\n\n\n\n<p class=\"has-text-align-center\"><strong>Alma Leslie Moreno Salinas<\/strong><\/p>\n\n\n\n<figure class=\"wp-block-embed is-type-video is-provider-youtube wp-block-embed-youtube wp-embed-aspect-16-9 wp-has-aspect-ratio\"><div class=\"wp-block-embed__wrapper\">\n<iframe loading=\"lazy\" title=\"Impacto de la inspecci\u00f3n en la tutela de aguas nacionales: recomendaciones | Alma Leslie Moreno S.\" width=\"500\" height=\"281\" src=\"https:\/\/www.youtube.com\/embed\/6-29BfhZwaQ?list=PLM-MleE1QlFKRnejukMGw64uUSDdH5VB6\" frameborder=\"0\" allow=\"accelerometer; autoplay; clipboard-write; encrypted-media; gyroscope; picture-in-picture; web-share\" referrerpolicy=\"strict-origin-when-cross-origin\" allowfullscreen><\/iframe>\n<\/div><figcaption class=\"wp-element-caption\">Evaluaci\u00f3n del impacto de los actos de inspecci\u00f3n en la tutela de las aguas nacionales de M\u00e9xico: recomendaciones para su fortalecimiento.<\/figcaption><\/figure>\n\n\n\n<p class=\"has-text-align-center\"><strong>Ulises Duvan Rodr\u00edguez D\u00edaz<\/strong><\/p>\n\n\n\n<figure class=\"wp-block-embed is-type-video is-provider-youtube wp-block-embed-youtube wp-embed-aspect-16-9 wp-has-aspect-ratio\"><div class=\"wp-block-embed__wrapper\">\n<iframe loading=\"lazy\" title=\"Din\u00e1mica de la Toxicidad en Sistemas Biol\u00f3gicos Aplicados al Tratamiento de Lixiviado | Ulises Duvan\" width=\"500\" height=\"281\" src=\"https:\/\/www.youtube.com\/embed\/qO1ROnAo5Rs?list=PLM-MleE1QlFKRnejukMGw64uUSDdH5VB6\" frameborder=\"0\" allow=\"accelerometer; autoplay; clipboard-write; encrypted-media; gyroscope; picture-in-picture; web-share\" referrerpolicy=\"strict-origin-when-cross-origin\" allowfullscreen><\/iframe>\n<\/div><figcaption class=\"wp-element-caption\">Comportamiento de la toxicidad en un sistema biol\u00f3gico granular para el tratamiento de lixiviados.<\/figcaption><\/figure>\n\n\n\n<p class=\"has-text-align-center\"><strong>Julio C\u00e9sar M\u00e1rquez Z\u00e1rate<\/strong><\/p>\n\n\n\n<figure class=\"wp-block-embed is-type-video is-provider-youtube wp-block-embed-youtube wp-embed-aspect-16-9 wp-has-aspect-ratio\"><div class=\"wp-block-embed__wrapper\">\n<iframe loading=\"lazy\" title=\"Soluciones Basadas en la Naturaleza para Conservar el ANP Lago de Texcoco | Julio C\u00e9sar M\u00e1rquez\" width=\"500\" height=\"281\" src=\"https:\/\/www.youtube.com\/embed\/_3A_Dcj1V5Y?feature=oembed\" frameborder=\"0\" allow=\"accelerometer; autoplay; clipboard-write; encrypted-media; gyroscope; picture-in-picture; web-share\" referrerpolicy=\"strict-origin-when-cross-origin\" allowfullscreen><\/iframe>\n<\/div><figcaption class=\"wp-element-caption\">Identificaci\u00f3n de soluciones basadas en la naturaleza (SbN) como estrategia de conservaci\u00f3n para el \u00e1rea de captaci\u00f3n del ANP Lago de Texcoco.<\/figcaption><\/figure>\n\n\n\n<p class=\"has-text-align-center\"><strong><a href=\"https:\/\/www.youtube.com\/watch?v=G4ydrE1mkIU\">Michell Deyanira Cruz Santiago<\/a><\/strong><\/p>\n\n\n\n<figure class=\"wp-block-embed is-type-video is-provider-youtube wp-block-embed-youtube wp-embed-aspect-16-9 wp-has-aspect-ratio\"><div class=\"wp-block-embed__wrapper\">\n<iframe loading=\"lazy\" title=\"Da\u00f1os causados por inundaciones en los cultivos de ma\u00edz | Michell Deyanira Cruz Santiago\" width=\"500\" height=\"281\" src=\"https:\/\/www.youtube.com\/embed\/G4ydrE1mkIU?feature=oembed\" frameborder=\"0\" allow=\"accelerometer; autoplay; clipboard-write; encrypted-media; gyroscope; picture-in-picture; web-share\" referrerpolicy=\"strict-origin-when-cross-origin\" allowfullscreen><\/iframe>\n<\/div><figcaption class=\"wp-element-caption\">Da\u00f1os causados por las inundaciones al cultivo de ma\u00edz<\/figcaption><\/figure>\n<\/div>\n\n\n\n<div class=\"wp-block-column is-layout-flow wp-block-column-is-layout-flow\">\n<div class=\"wp-block-group is-vertical is-content-justification-center is-nowrap is-layout-flex wp-container-core-group-is-layout-10 wp-block-group-is-layout-flex\">\n<p><strong>Mar\u00eda de Jes\u00fas<\/strong><\/p>\n\n\n\n<p><strong>L\u00f3pez Cuevas<\/strong><\/p>\n\n\n\n<p><\/p>\n<\/div>\n\n\n\n<figure class=\"wp-block-embed is-type-video is-provider-youtube wp-block-embed-youtube wp-embed-aspect-16-9 wp-has-aspect-ratio\"><div class=\"wp-block-embed__wrapper\">\n<iframe loading=\"lazy\" title=\"Recarga natural del acu\u00edfero chupaderos | Mar\u00eda de Jes\u00fas L\u00f3pez Cuevas\" width=\"500\" height=\"281\" src=\"https:\/\/www.youtube.com\/embed\/LSRKVKNCnyc?feature=oembed\" frameborder=\"0\" allow=\"accelerometer; autoplay; clipboard-write; encrypted-media; gyroscope; picture-in-picture; web-share\" referrerpolicy=\"strict-origin-when-cross-origin\" allowfullscreen><\/iframe>\n<\/div><figcaption class=\"wp-element-caption\">Estimaci\u00f3n espacio temporal de la recarga natural del acu\u00edfero chupaderos mediante el uso de percepci\u00f3n remota.<\/figcaption><\/figure>\n\n\n\n<p class=\"has-text-align-center\"><strong><strong><strong><strong>Juan Jos\u00e9 F\u00e9lix Carrillo<\/strong><\/strong><\/strong><\/strong><\/p>\n\n\n\n<figure class=\"wp-block-embed is-type-video is-provider-youtube wp-block-embed-youtube wp-embed-aspect-16-9 wp-has-aspect-ratio\"><div class=\"wp-block-embed__wrapper\">\n<iframe loading=\"lazy\" title=\"Problem\u00e1tica de abastecimiento y saneamiento de agua en San Luis Potos\u00ed| Juan Jos\u00e9 F\u00e9lix Carrillo\" width=\"500\" height=\"281\" src=\"https:\/\/www.youtube.com\/embed\/MBqzVIwLsq0?feature=oembed\" frameborder=\"0\" allow=\"accelerometer; autoplay; clipboard-write; encrypted-media; gyroscope; picture-in-picture; web-share\" referrerpolicy=\"strict-origin-when-cross-origin\" allowfullscreen><\/iframe>\n<\/div><figcaption class=\"wp-element-caption\">Evaluaci\u00f3n de la problem\u00e1tica de abastecimiento y saneamiento de agua en el \u00e1rea periurbana del poniente de la ciudad de San Luis Potos\u00ed.<\/figcaption><\/figure>\n\n\n\n<p class=\"has-text-align-center\"><strong><strong><strong><strong>Sergio Rodr\u00edguez Torres<\/strong><\/strong><\/strong><\/strong><\/p>\n\n\n\n<figure class=\"wp-block-embed is-type-video is-provider-youtube wp-block-embed-youtube wp-embed-aspect-16-9 wp-has-aspect-ratio\"><div class=\"wp-block-embed__wrapper\">\n<iframe loading=\"lazy\" title=\"Reducci\u00f3n de escala estad\u00edstica con redes neuronales en el noroeste de M\u00e9xico | Sergio Rodr\u00edguez\" width=\"500\" height=\"281\" src=\"https:\/\/www.youtube.com\/embed\/3pJf7s1Sii0?feature=oembed\" frameborder=\"0\" allow=\"accelerometer; autoplay; clipboard-write; encrypted-media; gyroscope; picture-in-picture; web-share\" referrerpolicy=\"strict-origin-when-cross-origin\" allowfullscreen><\/iframe>\n<\/div><figcaption class=\"wp-element-caption\">Reducci\u00f3n de escala estad\u00edstica aplicando escalado lineal y redes neuronales en la regi\u00f3n noroeste de M\u00e9xico.<\/figcaption><\/figure>\n\n\n\n<p class=\"has-text-align-center\"><strong><strong><strong><strong>Gibr\u00e1n Mubarqui Guevara<\/strong><\/strong><\/strong><\/strong><\/p>\n\n\n\n<figure class=\"wp-block-embed is-type-video is-provider-youtube wp-block-embed-youtube wp-embed-aspect-16-9 wp-has-aspect-ratio\"><div class=\"wp-block-embed__wrapper\">\n<iframe loading=\"lazy\" title=\"An\u00e1lisis del transporte de la turbulencia generada por las pilas de puentes | Gibr\u00e1n Mubarqui\" width=\"500\" height=\"281\" src=\"https:\/\/www.youtube.com\/embed\/gQpx1yNWc_Y?list=PLM-MleE1QlFKRnejukMGw64uUSDdH5VB6\" frameborder=\"0\" allow=\"accelerometer; autoplay; clipboard-write; encrypted-media; gyroscope; picture-in-picture; web-share\" referrerpolicy=\"strict-origin-when-cross-origin\" allowfullscreen><\/iframe>\n<\/div><figcaption class=\"wp-element-caption\">An\u00e1lisis del transporte de la turbulencia generada por las pilas de puente.<\/figcaption><\/figure>\n\n\n\n<p class=\"has-text-align-center\"><strong><strong><strong><strong>Adriana Mel\u00e9ndez L\u00f3pez<\/strong><\/strong><\/strong><\/strong><\/p>\n\n\n\n<figure class=\"wp-block-embed is-type-video is-provider-youtube wp-block-embed-youtube wp-embed-aspect-16-9 wp-has-aspect-ratio\"><div class=\"wp-block-embed__wrapper\">\n<iframe loading=\"lazy\" title=\"Remoci\u00f3n de contaminantes emergentes por procesos superficiales y oxidaci\u00f3n avanzada | Adriana M.\" width=\"500\" height=\"281\" src=\"https:\/\/www.youtube.com\/embed\/50AqAx8t_c4?list=PLM-MleE1QlFKRnejukMGw64uUSDdH5VB6\" frameborder=\"0\" allow=\"accelerometer; autoplay; clipboard-write; encrypted-media; gyroscope; picture-in-picture; web-share\" referrerpolicy=\"strict-origin-when-cross-origin\" allowfullscreen><\/iframe>\n<\/div><figcaption class=\"wp-element-caption\">Remoci\u00f3n de contaminantes emergentes mediante procesos de superficie y oxidaci\u00f3n avanzada.<\/figcaption><\/figure>\n\n\n\n<p class=\"has-text-align-center\"><strong><strong><strong><strong>Luz del Carmen Zavala <\/strong><\/strong><\/strong><\/strong><\/p>\n\n\n\n<figure class=\"wp-block-embed is-type-video is-provider-youtube wp-block-embed-youtube wp-embed-aspect-16-9 wp-has-aspect-ratio\"><div class=\"wp-block-embed__wrapper\">\n<iframe loading=\"lazy\" title=\"Hacia un mejor manejo del agua para el avance del derecho humano | Luz del Carmen Zavala V\u00e1zquez\" width=\"500\" height=\"281\" src=\"https:\/\/www.youtube.com\/embed\/kjv1W-zLgVA?list=PLM-MleE1QlFKRnejukMGw64uUSDdH5VB6\" frameborder=\"0\" allow=\"accelerometer; autoplay; clipboard-write; encrypted-media; gyroscope; picture-in-picture; web-share\" referrerpolicy=\"strict-origin-when-cross-origin\" allowfullscreen><\/iframe>\n<\/div><figcaption class=\"wp-element-caption\">Hacia un mejor manejo del agua para el avance del derecho humano: las organizaciones locales.<\/figcaption><\/figure>\n\n\n\n<p class=\"has-text-align-center\"><strong><strong><strong><strong>Jos\u00e9 Alfredo Flores Ronces<\/strong><\/strong><\/strong><\/strong><\/p>\n\n\n\n<figure class=\"wp-block-embed is-type-video is-provider-youtube wp-block-embed-youtube wp-embed-aspect-16-9 wp-has-aspect-ratio\"><div class=\"wp-block-embed__wrapper\">\n<iframe loading=\"lazy\" title=\"Elementos potencialmente t\u00f3xicos en el lago de Tuxpan, Gro. | Jos\u00e9 Alfredo Flores Ronces\" width=\"500\" height=\"281\" src=\"https:\/\/www.youtube.com\/embed\/t5pi9a-5ZPA?list=PLM-MleE1QlFKRnejukMGw64uUSDdH5VB6\" frameborder=\"0\" allow=\"accelerometer; autoplay; clipboard-write; encrypted-media; gyroscope; picture-in-picture; web-share\" referrerpolicy=\"strict-origin-when-cross-origin\" allowfullscreen><\/iframe>\n<\/div><figcaption class=\"wp-element-caption\">Elementos potencialmente t\u00f3xicos en el lago de Tuxpan, Gro.<\/figcaption><\/figure>\n\n\n\n<p class=\"has-text-align-center\"><strong><strong><strong><strong>Edith Bonilla L\u00f3pez<\/strong><\/strong><\/strong><\/strong><\/p>\n\n\n\n<figure class=\"wp-block-embed is-type-video is-provider-youtube wp-block-embed-youtube wp-embed-aspect-16-9 wp-has-aspect-ratio\"><div class=\"wp-block-embed__wrapper\">\n<iframe loading=\"lazy\" title=\"An\u00e1lisis de probabilidad de falla con redes bayesianas aplicado a inundaciones | Edith Bonilla L.\" width=\"500\" height=\"281\" src=\"https:\/\/www.youtube.com\/embed\/jNQo-zFnZ7k?feature=oembed\" frameborder=\"0\" allow=\"accelerometer; autoplay; clipboard-write; encrypted-media; gyroscope; picture-in-picture; web-share\" referrerpolicy=\"strict-origin-when-cross-origin\" allowfullscreen><\/iframe>\n<\/div><figcaption class=\"wp-element-caption\">An\u00e1lisis de probabilidad de falla con redes bayesianas aplicado a inundaciones.<\/figcaption><\/figure>\n\n\n\n<p class=\"has-text-align-center\"><strong><a href=\"https:\/\/www.youtube.com\/watch?v=l-U3F2mvTwE\">J<strong><strong><strong>es\u00fas Alberto Ceballos Tavares<\/strong><\/strong><\/strong><\/a><\/strong><\/p>\n\n\n\n<figure class=\"wp-block-embed is-type-video is-provider-youtube wp-block-embed-youtube wp-embed-aspect-16-9 wp-has-aspect-ratio\"><div class=\"wp-block-embed__wrapper\">\n<iframe loading=\"lazy\" title=\"Propagaci\u00f3n de la sequ\u00eda meteorol\u00f3gica a hidrol\u00f3gica en la cuenca del r\u00edo Conchos | Jes\u00fas Ceballos\" width=\"500\" height=\"281\" src=\"https:\/\/www.youtube.com\/embed\/l-U3F2mvTwE?feature=oembed\" frameborder=\"0\" allow=\"accelerometer; autoplay; clipboard-write; encrypted-media; gyroscope; picture-in-picture; web-share\" referrerpolicy=\"strict-origin-when-cross-origin\" allowfullscreen><\/iframe>\n<\/div><figcaption class=\"wp-element-caption\">Propagaci\u00f3n de la sequ\u00eda meteorol\u00f3gica a sequ\u00eda hidrol\u00f3gica en la cuenca del r\u00edo Conchos, M\u00e9xico.<\/figcaption><\/figure>\n<\/div>\n<\/div>\n<\/div>\n\n\n\n<h3 class=\"wp-block-heading has-text-align-left is-style-default has-body-font-family has-large-font-size\" style=\"font-style:normal;font-weight:600\"><a href=\"http:\/\/172.16.2.72\/index.php\/primer-seminario-virtual-diaspora-hidrica\/\"><\/a>4.\u00aa Di\u00e1spora H\u00eddrica 2023<\/h3>\n\n\n\n<figure class=\"wp-block-image alignright size-large is-resized\"><img loading=\"lazy\" decoding=\"async\" width=\"1024\" height=\"957\" src=\"http:\/\/diasporahidrica.imta.mx\/wp-content\/uploads\/2024\/05\/Recurso-8@4x-1024x957.png\" alt=\"\" class=\"wp-image-1064\" style=\"width:32px;height:auto\" srcset=\"https:\/\/diasporahidrica.imta.mx\/wp-content\/uploads\/2024\/05\/Recurso-8@4x-1024x957.png 1024w, https:\/\/diasporahidrica.imta.mx\/wp-content\/uploads\/2024\/05\/Recurso-8@4x-300x280.png 300w, https:\/\/diasporahidrica.imta.mx\/wp-content\/uploads\/2024\/05\/Recurso-8@4x-768x718.png 768w, https:\/\/diasporahidrica.imta.mx\/wp-content\/uploads\/2024\/05\/Recurso-8@4x.png 1401w\" sizes=\"(max-width: 1024px) 100vw, 1024px\" \/><\/figure>\n\n\n\n<div style=\"height:35px\" aria-hidden=\"true\" class=\"wp-block-spacer\"><\/div>\n\n\n\n<div class=\"wp-block-columns is-layout-flex wp-container-core-columns-is-layout-3 wp-block-columns-is-layout-flex\">\n<div class=\"wp-block-column is-layout-flow wp-block-column-is-layout-flow\">\n<figure class=\"wp-block-embed is-type-video is-provider-youtube wp-block-embed-youtube wp-embed-aspect-16-9 wp-has-aspect-ratio\"><div class=\"wp-block-embed__wrapper\">\n<iframe loading=\"lazy\" title=\"#Envivo Cuarto seminario virtual Di\u00e1spora H\u00eddrica 2023, d\u00eda 3\" width=\"500\" height=\"281\" src=\"https:\/\/www.youtube.com\/embed\/j6hIIVk1VwY?feature=oembed\" frameborder=\"0\" allow=\"accelerometer; autoplay; clipboard-write; encrypted-media; gyroscope; picture-in-picture; web-share\" referrerpolicy=\"strict-origin-when-cross-origin\" allowfullscreen><\/iframe>\n<\/div><\/figure>\n<\/div>\n\n\n\n<div class=\"wp-block-column is-layout-flow wp-block-column-is-layout-flow\">\n<figure class=\"wp-block-embed is-type-video is-provider-youtube wp-block-embed-youtube wp-embed-aspect-16-9 wp-has-aspect-ratio\"><div class=\"wp-block-embed__wrapper\">\n<iframe loading=\"lazy\" title=\"#Envivo Cuarto seminario virtual Di\u00e1spora H\u00eddrica 2023, d\u00eda 2\" width=\"500\" height=\"281\" src=\"https:\/\/www.youtube.com\/embed\/bUWIvYQbPqE?feature=oembed\" frameborder=\"0\" allow=\"accelerometer; autoplay; clipboard-write; encrypted-media; gyroscope; picture-in-picture; web-share\" referrerpolicy=\"strict-origin-when-cross-origin\" allowfullscreen><\/iframe>\n<\/div><\/figure>\n<\/div>\n\n\n\n<div class=\"wp-block-column is-layout-flow wp-block-column-is-layout-flow\">\n<figure class=\"wp-block-embed is-type-video is-provider-youtube wp-block-embed-youtube wp-embed-aspect-16-9 wp-has-aspect-ratio\"><div class=\"wp-block-embed__wrapper\">\n<iframe loading=\"lazy\" title=\"#Envivo Cuarto seminario virtual Di\u00e1spora H\u00eddrica 2023\" width=\"500\" height=\"281\" src=\"https:\/\/www.youtube.com\/embed\/3vpMetFhIVI?feature=oembed\" frameborder=\"0\" allow=\"accelerometer; autoplay; clipboard-write; encrypted-media; gyroscope; picture-in-picture; web-share\" referrerpolicy=\"strict-origin-when-cross-origin\" allowfullscreen><\/iframe>\n<\/div><\/figure>\n<\/div>\n<\/div>\n\n\n\n<div style=\"height:35px\" aria-hidden=\"true\" class=\"wp-block-spacer\"><\/div>\n\n\n\n<h3 class=\"wp-block-heading has-text-align-left is-style-default has-body-font-family has-large-font-size\" style=\"font-style:normal;font-weight:600\"><a href=\"http:\/\/172.16.2.72\/index.php\/primer-seminario-virtual-diaspora-hidrica\/\"><\/a>3.\u00aa Di\u00e1spora H\u00eddrica 2022<\/h3>\n\n\n\n<div style=\"height:35px\" aria-hidden=\"true\" class=\"wp-block-spacer\"><\/div>\n\n\n\n<div class=\"wp-block-cover alignfull has-parallax\" style=\"min-height:114px;aspect-ratio:unset;\"><span aria-hidden=\"true\" class=\"wp-block-cover__background has-background-dim-0 has-background-dim\" style=\"background-color:#000000\"><\/span><div class=\"wp-block-cover__image-background wp-image-535 has-parallax\" style=\"background-position:50% 50%;background-image:url(http:\/\/diasporahidrica.imta.mx\/wp-content\/uploads\/2024\/05\/Mundo-diaspora6.png)\"><\/div><div class=\"wp-block-cover__inner-container is-layout-flow wp-block-cover-is-layout-flow\">\n<div class=\"wp-block-columns alignwide is-layout-flex wp-container-core-columns-is-layout-4 wp-block-columns-is-layout-flex\">\n<div class=\"wp-block-column is-layout-flow wp-block-column-is-layout-flow\" style=\"flex-basis:60%\">\n<p><strong>Publicaci\u00f3n digital Impluvium<br>Tercera Di\u00e1spora H\u00eddrica<br>Edici\u00f3n Especial, Diciembre 2022<\/strong><\/p>\n\n\n\n<div class=\"wp-block-buttons is-layout-flex wp-block-buttons-is-layout-flex\">\n<div class=\"wp-block-button is-style-outline\"><a class=\"wp-block-button__link has-text-color has-background wp-element-button\" href=\"https:\/\/www.agua.unam.mx\/assets\/pdfs\/impluvium\/EdicionEspecial_TerceraDiasporaHidrica.pdf\" style=\"color:#ffffff;background-color:#000000\" target=\"_blank\" rel=\"noreferrer noopener\"><strong>Descargar PDF<\/strong><\/a><\/div>\n<\/div>\n<\/div>\n<\/div>\n<\/div><\/div>\n\n\n\n<figure class=\"wp-block-image alignright size-large is-resized\"><img loading=\"lazy\" decoding=\"async\" width=\"1024\" height=\"957\" src=\"http:\/\/diasporahidrica.imta.mx\/wp-content\/uploads\/2024\/05\/Recurso-8@4x-1024x957.png\" alt=\"\" class=\"wp-image-1064\" style=\"width:32px;height:auto\" srcset=\"https:\/\/diasporahidrica.imta.mx\/wp-content\/uploads\/2024\/05\/Recurso-8@4x-1024x957.png 1024w, https:\/\/diasporahidrica.imta.mx\/wp-content\/uploads\/2024\/05\/Recurso-8@4x-300x280.png 300w, https:\/\/diasporahidrica.imta.mx\/wp-content\/uploads\/2024\/05\/Recurso-8@4x-768x718.png 768w, https:\/\/diasporahidrica.imta.mx\/wp-content\/uploads\/2024\/05\/Recurso-8@4x.png 1401w\" sizes=\"(max-width: 1024px) 100vw, 1024px\" \/><\/figure>\n\n\n\n<div style=\"height:35px\" aria-hidden=\"true\" class=\"wp-block-spacer\"><\/div>\n\n\n\n<div class=\"wp-block-columns is-layout-flex wp-container-core-columns-is-layout-5 wp-block-columns-is-layout-flex\">\n<div class=\"wp-block-column is-layout-flow wp-block-column-is-layout-flow\">\n<figure class=\"wp-block-embed is-type-video is-provider-youtube wp-block-embed-youtube wp-embed-aspect-16-9 wp-has-aspect-ratio\"><div class=\"wp-block-embed__wrapper\">\n<iframe loading=\"lazy\" title=\"#Envivo Tercer Seminario Virtual Di\u00e1spora H\u00eddrica d\u00eda 4\" width=\"500\" height=\"281\" src=\"https:\/\/www.youtube.com\/embed\/SCjd9zRtfQ0?feature=oembed\" frameborder=\"0\" allow=\"accelerometer; autoplay; clipboard-write; encrypted-media; gyroscope; picture-in-picture; web-share\" referrerpolicy=\"strict-origin-when-cross-origin\" allowfullscreen><\/iframe>\n<\/div><\/figure>\n<\/div>\n\n\n\n<div class=\"wp-block-column is-layout-flow wp-block-column-is-layout-flow\">\n<figure class=\"wp-block-embed is-type-video is-provider-youtube wp-block-embed-youtube wp-embed-aspect-16-9 wp-has-aspect-ratio\"><div class=\"wp-block-embed__wrapper\">\n<iframe loading=\"lazy\" title=\"#Envivo Tercer Seminario Virtual Di\u00e1spora H\u00eddrica d\u00eda 3\" width=\"500\" height=\"281\" src=\"https:\/\/www.youtube.com\/embed\/c2DJWFgDi_Y?feature=oembed\" frameborder=\"0\" allow=\"accelerometer; autoplay; clipboard-write; encrypted-media; gyroscope; picture-in-picture; web-share\" referrerpolicy=\"strict-origin-when-cross-origin\" allowfullscreen><\/iframe>\n<\/div><\/figure>\n<\/div>\n\n\n\n<div class=\"wp-block-column is-layout-flow wp-block-column-is-layout-flow\">\n<figure class=\"wp-block-embed is-type-video is-provider-youtube wp-block-embed-youtube wp-embed-aspect-16-9 wp-has-aspect-ratio\"><div class=\"wp-block-embed__wrapper\">\n<iframe loading=\"lazy\" title=\"#Envivo Tercer Seminario Virtual Di\u00e1spora H\u00eddrica d\u00eda 2\" width=\"500\" height=\"281\" src=\"https:\/\/www.youtube.com\/embed\/io40ddPwxS8?feature=oembed\" frameborder=\"0\" allow=\"accelerometer; autoplay; clipboard-write; encrypted-media; gyroscope; picture-in-picture; web-share\" referrerpolicy=\"strict-origin-when-cross-origin\" allowfullscreen><\/iframe>\n<\/div><\/figure>\n<\/div>\n<\/div>\n\n\n\n<div class=\"wp-block-columns is-layout-flex wp-container-core-columns-is-layout-6 wp-block-columns-is-layout-flex\">\n<div class=\"wp-block-column is-layout-flow wp-block-column-is-layout-flow\">\n<figure class=\"wp-block-embed is-type-video is-provider-youtube wp-block-embed-youtube wp-embed-aspect-16-9 wp-has-aspect-ratio\"><div class=\"wp-block-embed__wrapper\">\n<iframe loading=\"lazy\" title=\"#Envivo Tercer Seminario Virtual Di\u00e1spora H\u00eddrica\" width=\"500\" height=\"281\" src=\"https:\/\/www.youtube.com\/embed\/LDQgUzjoNV4?feature=oembed\" frameborder=\"0\" allow=\"accelerometer; autoplay; clipboard-write; encrypted-media; gyroscope; picture-in-picture; web-share\" referrerpolicy=\"strict-origin-when-cross-origin\" allowfullscreen><\/iframe>\n<\/div><\/figure>\n<\/div>\n\n\n\n<div class=\"wp-block-column is-layout-flow wp-block-column-is-layout-flow\">\n<figure class=\"wp-block-embed is-type-video is-provider-youtube wp-block-embed-youtube wp-embed-aspect-16-9 wp-has-aspect-ratio\"><div class=\"wp-block-embed__wrapper\">\n<iframe loading=\"lazy\" title=\"#Envivo Tercer Seminario Virtual Di\u00e1spora H\u00eddrica\" width=\"500\" height=\"281\" src=\"https:\/\/www.youtube.com\/embed\/MJhapAHieik?feature=oembed\" frameborder=\"0\" allow=\"accelerometer; autoplay; clipboard-write; encrypted-media; gyroscope; picture-in-picture; web-share\" referrerpolicy=\"strict-origin-when-cross-origin\" allowfullscreen><\/iframe>\n<\/div><\/figure>\n<\/div>\n<\/div>\n\n\n\n<div style=\"height:35px\" aria-hidden=\"true\" class=\"wp-block-spacer\"><\/div>\n\n\n\n<h3 class=\"wp-block-heading has-text-align-left is-style-default has-body-font-family has-large-font-size\" style=\"font-style:normal;font-weight:600\"><a href=\"http:\/\/172.16.2.72\/index.php\/primer-seminario-virtual-diaspora-hidrica\/\"><\/a>2.\u00aa Di\u00e1spora H\u00eddrica 2021<\/h3>\n\n\n\n<div class=\"wp-block-cover alignfull has-parallax\" style=\"min-height:114px;aspect-ratio:unset;\"><span aria-hidden=\"true\" class=\"wp-block-cover__background has-background-dim-0 has-background-dim\" style=\"background-color:#000000\"><\/span><div class=\"wp-block-cover__image-background wp-image-535 has-parallax\" style=\"background-position:50% 50%;background-image:url(http:\/\/diasporahidrica.imta.mx\/wp-content\/uploads\/2024\/05\/Mundo-diaspora6.png)\"><\/div><div class=\"wp-block-cover__inner-container is-layout-flow wp-block-cover-is-layout-flow\">\n<div class=\"wp-block-columns alignwide is-layout-flex wp-container-core-columns-is-layout-7 wp-block-columns-is-layout-flex\">\n<div class=\"wp-block-column is-layout-flow wp-block-column-is-layout-flow\" style=\"flex-basis:60%\">\n<p><strong><strong>Segunda Di\u00e1spora H\u00eddrica:<br>J\u00f3venes Mexicanos Explorando las Fronteras del Conocimiento del Agua<br>Edici\u00f3n Especial, Diciembre 2021<\/strong><\/strong><\/p>\n\n\n\n<div class=\"wp-block-buttons is-layout-flex wp-block-buttons-is-layout-flex\">\n<div class=\"wp-block-button is-style-outline\"><a class=\"wp-block-button__link has-text-color has-background wp-element-button\" href=\"https:\/\/www.agua.unam.mx\/assets\/pdfs\/impluvium\/EdicionEspecial_SegundaDiasporaHidrica.pdf\" style=\"color:#ffffff;background-color:#000000\" target=\"_blank\" rel=\"noreferrer noopener\"><strong>Descargar PDF<\/strong><\/a><\/div>\n<\/div>\n<\/div>\n<\/div>\n<\/div><\/div>\n\n\n\n<figure class=\"wp-block-image alignright size-large is-resized\"><img loading=\"lazy\" decoding=\"async\" width=\"1024\" height=\"957\" src=\"http:\/\/diasporahidrica.imta.mx\/wp-content\/uploads\/2024\/05\/Recurso-8@4x-1024x957.png\" alt=\"\" class=\"wp-image-1064\" style=\"width:32px;height:auto\" srcset=\"https:\/\/diasporahidrica.imta.mx\/wp-content\/uploads\/2024\/05\/Recurso-8@4x-1024x957.png 1024w, https:\/\/diasporahidrica.imta.mx\/wp-content\/uploads\/2024\/05\/Recurso-8@4x-300x280.png 300w, https:\/\/diasporahidrica.imta.mx\/wp-content\/uploads\/2024\/05\/Recurso-8@4x-768x718.png 768w, https:\/\/diasporahidrica.imta.mx\/wp-content\/uploads\/2024\/05\/Recurso-8@4x.png 1401w\" sizes=\"(max-width: 1024px) 100vw, 1024px\" \/><\/figure>\n\n\n\n<div style=\"height:35px\" aria-hidden=\"true\" class=\"wp-block-spacer\"><\/div>\n\n\n\n<p class=\"has-text-align-left\"><\/p>\n\n\n\n<div class=\"wp-block-columns is-layout-flex wp-container-core-columns-is-layout-8 wp-block-columns-is-layout-flex\">\n<div class=\"wp-block-column is-layout-flow wp-block-column-is-layout-flow\">\n<figure class=\"wp-block-embed is-type-video is-provider-youtube wp-block-embed-youtube wp-embed-aspect-16-9 wp-has-aspect-ratio\"><div class=\"wp-block-embed__wrapper\">\n<iframe loading=\"lazy\" title=\"2\u00aa Di\u00e1spora H\u00eddrica: J\u00f3venes Mexicanos Explorando las Fronteras del Conocimiento del Agua\" width=\"500\" height=\"281\" src=\"https:\/\/www.youtube.com\/embed\/K96z7smTTjA?feature=oembed\" frameborder=\"0\" allow=\"accelerometer; autoplay; clipboard-write; encrypted-media; gyroscope; picture-in-picture; web-share\" referrerpolicy=\"strict-origin-when-cross-origin\" allowfullscreen><\/iframe>\n<\/div><\/figure>\n<\/div>\n\n\n\n<div class=\"wp-block-column is-layout-flow wp-block-column-is-layout-flow\">\n<figure class=\"wp-block-embed is-type-video is-provider-youtube wp-block-embed-youtube wp-embed-aspect-16-9 wp-has-aspect-ratio\"><div class=\"wp-block-embed__wrapper\">\n<iframe loading=\"lazy\" title=\"2\u00aa Di\u00e1spora H\u00eddrica: J\u00f3venes Mexicanos Explorando las Fronteras del Conocimiento del Agua\" width=\"500\" height=\"281\" src=\"https:\/\/www.youtube.com\/embed\/8go0vrTWITs?feature=oembed\" frameborder=\"0\" allow=\"accelerometer; autoplay; clipboard-write; encrypted-media; gyroscope; picture-in-picture; web-share\" referrerpolicy=\"strict-origin-when-cross-origin\" allowfullscreen><\/iframe>\n<\/div><\/figure>\n<\/div>\n\n\n\n<div class=\"wp-block-column is-layout-flow wp-block-column-is-layout-flow\">\n<figure class=\"wp-block-embed is-type-video is-provider-youtube wp-block-embed-youtube wp-embed-aspect-16-9 wp-has-aspect-ratio\"><div class=\"wp-block-embed__wrapper\">\n<iframe loading=\"lazy\" title=\"2\u00aa Di\u00e1spora H\u00eddrica: J\u00f3venes Mexicanos Explorando las Fronteras del Conocimiento del Agua\" width=\"500\" height=\"281\" src=\"https:\/\/www.youtube.com\/embed\/Ev_UX84XDIw?feature=oembed\" frameborder=\"0\" allow=\"accelerometer; autoplay; clipboard-write; encrypted-media; gyroscope; picture-in-picture; web-share\" referrerpolicy=\"strict-origin-when-cross-origin\" allowfullscreen><\/iframe>\n<\/div><\/figure>\n<\/div>\n\n\n\n<div class=\"wp-block-column is-layout-flow wp-block-column-is-layout-flow\">\n<figure class=\"wp-block-embed is-type-video is-provider-youtube wp-block-embed-youtube wp-embed-aspect-16-9 wp-has-aspect-ratio\"><div class=\"wp-block-embed__wrapper\">\n<iframe loading=\"lazy\" title=\"2\u00aa Di\u00e1spora H\u00eddrica: J\u00f3venes Mexicanos Explorando las Fronteras del Conocimiento del Agua\" width=\"500\" height=\"281\" src=\"https:\/\/www.youtube.com\/embed\/JNfTd6fVUu8?feature=oembed\" frameborder=\"0\" allow=\"accelerometer; autoplay; clipboard-write; encrypted-media; gyroscope; picture-in-picture; web-share\" referrerpolicy=\"strict-origin-when-cross-origin\" allowfullscreen><\/iframe>\n<\/div><\/figure>\n<\/div>\n<\/div>\n\n\n\n<div class=\"wp-block-columns is-layout-flex wp-container-core-columns-is-layout-9 wp-block-columns-is-layout-flex\">\n<div class=\"wp-block-column is-layout-flow wp-block-column-is-layout-flow\">\n<figure class=\"wp-block-embed is-type-video is-provider-youtube wp-block-embed-youtube wp-embed-aspect-16-9 wp-has-aspect-ratio\"><div class=\"wp-block-embed__wrapper\">\n<iframe loading=\"lazy\" title=\"2\u00aa Di\u00e1spora H\u00eddrica: J\u00f3venes Mexicanos Explorando las Fronteras del Conocimiento del Agua\" width=\"500\" height=\"281\" src=\"https:\/\/www.youtube.com\/embed\/Iunluw-7rTA?feature=oembed\" frameborder=\"0\" allow=\"accelerometer; autoplay; clipboard-write; encrypted-media; gyroscope; picture-in-picture; web-share\" referrerpolicy=\"strict-origin-when-cross-origin\" allowfullscreen><\/iframe>\n<\/div><\/figure>\n<\/div>\n\n\n\n<div class=\"wp-block-column is-layout-flow wp-block-column-is-layout-flow\">\n<figure class=\"wp-block-embed is-type-video is-provider-youtube wp-block-embed-youtube wp-embed-aspect-16-9 wp-has-aspect-ratio\"><div class=\"wp-block-embed__wrapper\">\n<iframe loading=\"lazy\" title=\"2\u00aa Di\u00e1spora H\u00eddrica: J\u00f3venes Mexicanos Explorando las Fronteras del Conocimiento del Agua\" width=\"500\" height=\"281\" src=\"https:\/\/www.youtube.com\/embed\/7wWyw1H6TKs?feature=oembed\" frameborder=\"0\" allow=\"accelerometer; autoplay; clipboard-write; encrypted-media; gyroscope; picture-in-picture; web-share\" referrerpolicy=\"strict-origin-when-cross-origin\" allowfullscreen><\/iframe>\n<\/div><\/figure>\n<\/div>\n\n\n\n<div class=\"wp-block-column is-layout-flow wp-block-column-is-layout-flow\">\n<figure class=\"wp-block-embed is-type-video is-provider-youtube wp-block-embed-youtube wp-embed-aspect-16-9 wp-has-aspect-ratio\"><div class=\"wp-block-embed__wrapper\">\n<iframe loading=\"lazy\" title=\"2\u00aa Di\u00e1spora H\u00eddrica: J\u00f3venes Mexicanos Explorando las Fronteras del Conocimiento del Agua\" width=\"500\" height=\"281\" src=\"https:\/\/www.youtube.com\/embed\/KgkVtSewfoQ?feature=oembed\" frameborder=\"0\" allow=\"accelerometer; autoplay; clipboard-write; encrypted-media; gyroscope; picture-in-picture; web-share\" referrerpolicy=\"strict-origin-when-cross-origin\" allowfullscreen><\/iframe>\n<\/div><\/figure>\n<\/div>\n\n\n\n<div class=\"wp-block-column is-layout-flow wp-block-column-is-layout-flow\"><\/div>\n<\/div>\n<\/div>\n<\/div>\n\n\n\n<div style=\"height:35px\" aria-hidden=\"true\" class=\"wp-block-spacer\"><\/div>\n\n\n\n<div class=\"wp-block-columns alignwide is-layout-flex wp-container-core-columns-is-layout-14 wp-block-columns-is-layout-flex\">\n<div class=\"wp-block-column is-layout-flow wp-container-core-column-is-layout-37 wp-block-column-is-layout-flow\">\n<h3 class=\"wp-block-heading has-text-align-left is-style-default has-body-font-family has-large-font-size\" style=\"font-style:normal;font-weight:600\">Primer Seminario Virtual \u2013 Di\u00e1spora H\u00eddrica 2020<\/h3>\n\n\n\n<figure class=\"wp-block-image alignright size-large is-resized\"><img loading=\"lazy\" decoding=\"async\" width=\"1024\" height=\"957\" src=\"http:\/\/diasporahidrica.imta.mx\/wp-content\/uploads\/2024\/05\/Recurso-8@4x-1024x957.png\" alt=\"\" class=\"wp-image-1064\" style=\"width:32px;height:auto\" srcset=\"https:\/\/diasporahidrica.imta.mx\/wp-content\/uploads\/2024\/05\/Recurso-8@4x-1024x957.png 1024w, https:\/\/diasporahidrica.imta.mx\/wp-content\/uploads\/2024\/05\/Recurso-8@4x-300x280.png 300w, https:\/\/diasporahidrica.imta.mx\/wp-content\/uploads\/2024\/05\/Recurso-8@4x-768x718.png 768w, https:\/\/diasporahidrica.imta.mx\/wp-content\/uploads\/2024\/05\/Recurso-8@4x.png 1401w\" sizes=\"(max-width: 1024px) 100vw, 1024px\" \/><\/figure>\n\n\n\n<div style=\"height:35px\" aria-hidden=\"true\" class=\"wp-block-spacer\"><\/div>\n\n\n\n<div class=\"wp-block-cover alignfull has-parallax\" style=\"min-height:114px;aspect-ratio:unset;\"><span aria-hidden=\"true\" class=\"wp-block-cover__background has-background-dim-0 has-background-dim\" style=\"background-color:#000000\"><\/span><div class=\"wp-block-cover__image-background wp-image-535 has-parallax\" style=\"background-position:50% 50%;background-image:url(http:\/\/diasporahidrica.imta.mx\/wp-content\/uploads\/2024\/05\/Mundo-diaspora6.png)\"><\/div><div class=\"wp-block-cover__inner-container is-layout-flow wp-block-cover-is-layout-flow\">\n<div class=\"wp-block-columns alignwide is-layout-flex wp-container-core-columns-is-layout-11 wp-block-columns-is-layout-flex\">\n<div class=\"wp-block-column is-layout-flow wp-block-column-is-layout-flow\" style=\"flex-basis:60%\">\n<p><strong>Publicaci\u00f3n digital Impluvium<br>Primer Seminario Virtual Di\u00e1spora H\u00eddrica<br><strong>Edici\u00f3n Especial, Octubre 2020<\/strong><\/strong><\/p>\n\n\n\n<div class=\"wp-block-buttons is-layout-flex wp-block-buttons-is-layout-flex\">\n<div class=\"wp-block-button is-style-outline\"><a class=\"wp-block-button__link has-text-color has-background wp-element-button\" href=\"https:\/\/www.agua.unam.mx\/assets\/pdfs\/impluvium\/EdicionEspecial_DiasporaHidrica.pdf\" style=\"color:#ffffff;background-color:#000000\" target=\"_blank\" rel=\"noreferrer noopener\"><strong>Descargar PDF<\/strong><\/a><\/div>\n<\/div>\n<\/div>\n<\/div>\n<\/div><\/div>\n\n\n\n<p class=\"has-text-align-left\"><\/p>\n\n\n\n<div class=\"wp-block-columns is-layout-flex wp-container-core-columns-is-layout-12 wp-block-columns-is-layout-flex\">\n<div class=\"wp-block-column is-layout-flow wp-block-column-is-layout-flow\">\n<figure class=\"wp-block-embed is-type-video is-provider-youtube wp-block-embed-youtube wp-embed-aspect-16-9 wp-has-aspect-ratio\"><div class=\"wp-block-embed__wrapper\">\n<iframe loading=\"lazy\" title=\"Di\u00e1spora H\u00eddrica; Bloque 1; 4 de agosto, 2020\" width=\"500\" height=\"281\" src=\"https:\/\/www.youtube.com\/embed\/b9vFL7gRIw0?feature=oembed\" frameborder=\"0\" allow=\"accelerometer; autoplay; clipboard-write; encrypted-media; gyroscope; picture-in-picture; web-share\" referrerpolicy=\"strict-origin-when-cross-origin\" allowfullscreen><\/iframe>\n<\/div><\/figure>\n<\/div>\n\n\n\n<div class=\"wp-block-column is-layout-flow wp-block-column-is-layout-flow\">\n<figure class=\"wp-block-embed is-type-video is-provider-youtube wp-block-embed-youtube wp-embed-aspect-16-9 wp-has-aspect-ratio\"><div class=\"wp-block-embed__wrapper\">\n<iframe loading=\"lazy\" title=\"Di\u00e1spora H\u00eddrica; Bloque 2; 4 de agosto, 2020\" width=\"500\" height=\"281\" src=\"https:\/\/www.youtube.com\/embed\/3q-bz94jH5c?feature=oembed\" frameborder=\"0\" allow=\"accelerometer; autoplay; clipboard-write; encrypted-media; gyroscope; picture-in-picture; web-share\" referrerpolicy=\"strict-origin-when-cross-origin\" allowfullscreen><\/iframe>\n<\/div><\/figure>\n<\/div>\n\n\n\n<div class=\"wp-block-column is-layout-flow wp-block-column-is-layout-flow\">\n<figure class=\"wp-block-embed is-type-video is-provider-youtube wp-block-embed-youtube wp-embed-aspect-16-9 wp-has-aspect-ratio\"><div class=\"wp-block-embed__wrapper\">\n<iframe loading=\"lazy\" title=\"Di\u00e1spora H\u00eddrica; Bloque 3; 5 de agosto, 2020\" width=\"500\" height=\"281\" src=\"https:\/\/www.youtube.com\/embed\/TUFaUlniSxo?feature=oembed\" frameborder=\"0\" allow=\"accelerometer; autoplay; clipboard-write; encrypted-media; gyroscope; picture-in-picture; web-share\" referrerpolicy=\"strict-origin-when-cross-origin\" allowfullscreen><\/iframe>\n<\/div><\/figure>\n<\/div>\n\n\n\n<div class=\"wp-block-column is-layout-flow wp-block-column-is-layout-flow\">\n<figure class=\"wp-block-embed is-type-video is-provider-youtube wp-block-embed-youtube wp-embed-aspect-16-9 wp-has-aspect-ratio\"><div class=\"wp-block-embed__wrapper\">\n<iframe loading=\"lazy\" title=\"Di\u00e1spora H\u00eddrica; Bloque 4; 5 de agosto, 2020\" width=\"500\" height=\"281\" src=\"https:\/\/www.youtube.com\/embed\/qFMwfPZrhPE?feature=oembed\" frameborder=\"0\" allow=\"accelerometer; autoplay; clipboard-write; encrypted-media; gyroscope; picture-in-picture; web-share\" referrerpolicy=\"strict-origin-when-cross-origin\" allowfullscreen><\/iframe>\n<\/div><\/figure>\n<\/div>\n<\/div>\n\n\n\n<div class=\"wp-block-columns is-layout-flex wp-container-core-columns-is-layout-13 wp-block-columns-is-layout-flex\">\n<div class=\"wp-block-column is-layout-flow wp-block-column-is-layout-flow\">\n<figure class=\"wp-block-embed is-type-video is-provider-youtube wp-block-embed-youtube wp-embed-aspect-16-9 wp-has-aspect-ratio\"><div class=\"wp-block-embed__wrapper\">\n<iframe loading=\"lazy\" title=\"Di\u00e1spora H\u00eddrica; Bloque 5; 6 de agosto, 2020\" width=\"500\" height=\"281\" src=\"https:\/\/www.youtube.com\/embed\/CQJMUex4J8g?feature=oembed\" frameborder=\"0\" allow=\"accelerometer; autoplay; clipboard-write; encrypted-media; gyroscope; picture-in-picture; web-share\" referrerpolicy=\"strict-origin-when-cross-origin\" allowfullscreen><\/iframe>\n<\/div><\/figure>\n<\/div>\n\n\n\n<div class=\"wp-block-column is-layout-flow wp-block-column-is-layout-flow\">\n<figure class=\"wp-block-embed is-type-video is-provider-youtube wp-block-embed-youtube wp-embed-aspect-16-9 wp-has-aspect-ratio\"><div class=\"wp-block-embed__wrapper\">\n<iframe loading=\"lazy\" title=\"Di\u00e1spora H\u00eddrica; Bloque 6; 6 de agosto, 2020\" width=\"500\" height=\"281\" src=\"https:\/\/www.youtube.com\/embed\/BmB2UiFJQcU?feature=oembed\" frameborder=\"0\" allow=\"accelerometer; autoplay; clipboard-write; encrypted-media; gyroscope; picture-in-picture; web-share\" referrerpolicy=\"strict-origin-when-cross-origin\" allowfullscreen><\/iframe>\n<\/div><\/figure>\n<\/div>\n\n\n\n<div class=\"wp-block-column is-layout-flow wp-block-column-is-layout-flow\">\n<figure class=\"wp-block-embed is-type-video is-provider-youtube wp-block-embed-youtube wp-embed-aspect-16-9 wp-has-aspect-ratio\"><div class=\"wp-block-embed__wrapper\">\n<iframe loading=\"lazy\" title=\"Di\u00e1spora H\u00eddrica; Bloque 7;  7 de agosto, 2020\" width=\"500\" height=\"281\" src=\"https:\/\/www.youtube.com\/embed\/j84hU4mYMao?feature=oembed\" frameborder=\"0\" allow=\"accelerometer; autoplay; clipboard-write; encrypted-media; gyroscope; picture-in-picture; web-share\" referrerpolicy=\"strict-origin-when-cross-origin\" allowfullscreen><\/iframe>\n<\/div><\/figure>\n<\/div>\n\n\n\n<div class=\"wp-block-column is-layout-flow wp-block-column-is-layout-flow\">\n<figure class=\"wp-block-embed is-type-video is-provider-youtube wp-block-embed-youtube wp-embed-aspect-16-9 wp-has-aspect-ratio\"><div class=\"wp-block-embed__wrapper\">\n<iframe loading=\"lazy\" title=\"Di\u00e1spora H\u00eddrica; Bloque 8;  7 de agosto, 2020\" width=\"500\" height=\"281\" src=\"https:\/\/www.youtube.com\/embed\/cMinodIOEx0?feature=oembed\" frameborder=\"0\" allow=\"accelerometer; autoplay; clipboard-write; encrypted-media; gyroscope; picture-in-picture; web-share\" referrerpolicy=\"strict-origin-when-cross-origin\" allowfullscreen><\/iframe>\n<\/div><\/figure>\n<\/div>\n<\/div>\n<\/div>\n<\/div>\n\n\n\n<div style=\"height:var(--wp--preset--spacing--20)\" aria-hidden=\"true\" class=\"wp-block-spacer\"><\/div>\n<\/div>\n","protected":false},"excerpt":{"rendered":"<p>V Edici\u00f3n del Seminario Di\u00e1spora H\u00eddrica Modalidad presencial 2024 11 \u2013 13 de septiembre 2024 &#8211; Unidad de Seminarios, Ciudad Universitaria de la BUAP Alejandro Ordo\u00f1ez S\u00e1nchez Edgardo Iv\u00e1n Valenzuela Reyes Ileana Paloma Cisneros Contreras Pablo C\u00e9sar Morales Rico Valeria Fernanda Mondrag\u00f3n Mu\u00f1oz Marcela Mondrag\u00f3n Mu\u00f1oz Esteban Aceves Fonseca Jos\u00e9 Ra\u00fal Ventura Quiroz Jazmin Alaide [&hellip;]<\/p>\n","protected":false},"author":1,"featured_media":0,"parent":0,"menu_order":0,"comment_status":"closed","ping_status":"closed","template":"","meta":{"_eb_attr":"","footnotes":""},"_links":{"self":[{"href":"https:\/\/diasporahidrica.imta.mx\/index.php\/wp-json\/wp\/v2\/pages\/909"}],"collection":[{"href":"https:\/\/diasporahidrica.imta.mx\/index.php\/wp-json\/wp\/v2\/pages"}],"about":[{"href":"https:\/\/diasporahidrica.imta.mx\/index.php\/wp-json\/wp\/v2\/types\/page"}],"author":[{"embeddable":true,"href":"https:\/\/diasporahidrica.imta.mx\/index.php\/wp-json\/wp\/v2\/users\/1"}],"replies":[{"embeddable":true,"href":"https:\/\/diasporahidrica.imta.mx\/index.php\/wp-json\/wp\/v2\/comments?post=909"}],"version-history":[{"count":67,"href":"https:\/\/diasporahidrica.imta.mx\/index.php\/wp-json\/wp\/v2\/pages\/909\/revisions"}],"predecessor-version":[{"id":1610,"href":"https:\/\/diasporahidrica.imta.mx\/index.php\/wp-json\/wp\/v2\/pages\/909\/revisions\/1610"}],"wp:attachment":[{"href":"https:\/\/diasporahidrica.imta.mx\/index.php\/wp-json\/wp\/v2\/media?parent=909"}],"curies":[{"name":"wp","href":"https:\/\/api.w.org\/{rel}","templated":true}]}}